{"id":410,"date":"2012-05-12T10:54:37","date_gmt":"2012-05-12T08:54:37","guid":{"rendered":"http:\/\/www.delariberadelgenil.com\/public\/?page_id=410"},"modified":"2014-03-23T10:45:38","modified_gmt":"2014-03-23T08:45:38","slug":"campeonatos","status":"publish","type":"page","link":"https:\/\/www.delariberadelgenil.com\/?page_id=410","title":{"rendered":"Exposiciones"},"content":{"rendered":"<h2><strong><span style=\"color: #800000;\">Picar para ver videos:<\/span><\/strong><\/h2>\n<h1><em>2014<\/em><\/h1>\n<p><span style=\"color: #008000;\"><strong><a href=\"http:\/\/www.youtube.com\/watch?v=I23q1Fj41vo&amp;list=UUKIYCYUUypzQ7Km1bdor33A&amp;feature=share\"><span style=\"color: #008000;\">Exposici\u00f3n Internacional Granada 2014<\/span><\/a><\/strong><\/span><\/p>\n<p><span style=\"color: #008000;\"><strong><a href=\"http:\/\/www.youtube.com\/watch?v=MoSGoKcB-wE&amp;list=UUKIYCYUUypzQ7Km1bdor33A&amp;feature=share&amp;index=1\"><span style=\"color: #008000;\">Exposici\u00f3n Nacional Granada 2014<\/span><\/a><\/strong><\/span><\/p>\n<h1><strong>2013<\/strong><\/h1>\n<p><span style=\"color: #008000;\"><strong><a href=\"http:\/\/youtu.be\/Jv_iD8w4QVs\"><span style=\"color: #008000;\">Exposici\u00f3n Talavera (Punto obligatorio) 2013<\/span><\/a><\/strong><\/span><\/p>\n<p><span style=\"color: #008000;\"><strong><a href=\"http:\/\/youtu.be\/XGTeJQJ27tA\"><span style=\"color: #008000;\">Exposici\u00f3n Internacional Jerez 2013<\/span><\/a><\/strong><\/span><\/p>\n<p><span style=\"color: #008000;\"><strong><a href=\"http:\/\/youtu.be\/cRaHP0nAD64\"><span style=\"color: #008000;\">Exposici\u00f3n Nacional Jerez 2013<\/span><\/a><\/strong><\/span><\/p>\n<p><span style=\"color: #008000;\"><strong><a href=\"http:\/\/youtu.be\/C0_pmC77cIg\"><span style=\"color: #008000;\">Exposici\u00f3n Nacional M\u00e1laga 2013<\/span><\/a><\/strong><\/span><\/p>\n<p><span style=\"color: #008000;\"><strong><a href=\"http:\/\/youtu.be\/9zuxB6n2kQM\"><span style=\"color: #008000;\">Exposici\u00f3n Internacional M\u00e1laga 2013<\/span><\/a><\/strong><\/span><\/p>\n<p><span style=\"color: #008000;\"><strong><a href=\"http:\/\/www.delariberadelgenil.com\/?p=4044\"><span style=\"color: #008000;\">Exposici\u00f3n Nacional Archidona<\/span><\/a><\/strong><\/span><\/p>\n<p><span style=\"color: #008000;\"><strong><a href=\"http:\/\/www.delariberadelgenil.com\/?p=3234\"><span style=\"color: #008000;\">Exposici\u00f3n CRUFTS 2013<\/span><\/a><\/strong><\/span><\/p>\n<p><span style=\"color: #008000;\"><strong><a href=\"http:\/\/www.youtube.com\/watch?v=SnoLz2TSH2g\"><span style=\"color: #008000;\">Exposici\u00f3n Internacional de Sevilla 2013<\/span><\/a><\/strong><\/span><\/p>\n<p><span style=\"color: #008000;\"><strong><a href=\"http:\/\/www.youtube.com\/watch?v=SgLeKQhGsXI\"><span style=\"color: #008000;\">Exposici\u00f3n Nacional de Sevilla 2013<\/span><\/a><\/strong><\/span><\/p>\n<p><span style=\"color: #008000;\"><strong><a href=\"http:\/\/www.youtube.com\/watch?v=rPiILBQD5oY\"><span style=\"color: #008000;\">Exposici\u00f3n Nacional Granada 2013<\/span><\/a><\/strong><\/span><\/p>\n<h1><strong>2012<\/strong><\/h1>\n<p><span style=\"color: #008000;\"><strong><a href=\"http:\/\/www.youtube.com\/watch?v=RBqTKmhBZt8\"><span style=\"color: #008000;\">2012 Expo Talavera de la Reina<\/span><\/a><\/strong><\/span><\/p>\n<p><span style=\"color: #008000;\"><strong><a href=\"https:\/\/www.youtube.com\/watch?v=BfN5eDUHCsk&amp;feature=plcp\"><span style=\"color: #008000;\">2012 Exposici\u00f3n Nacional JEREZ <\/span><\/a><\/strong><\/span><\/p>\n<p><span style=\"color: #008000;\"><strong><a href=\"http:\/\/www.delariberadelgenil.com\/?p=605\"><span style=\"color: #008000;\">2012 &#8211; Exposicion Nacional e Internacional de Sevilla<\/span><\/a><\/strong><\/span><\/p>\n<p><span style=\"color: #008000;\"><strong><a href=\"http:\/\/delariberadelgenil.wordpress.com\/2012\/05\/28\/perros-de-agua-archidona-2012\/\"><span style=\"color: #008000;\">2012 &#8211; Archidona Monografica B y Exposici\u00f3n Nacional <\/span><\/a><\/strong><\/span><\/p>\n<p><span style=\"color: #008000;\"><strong><a href=\"http:\/\/delariberadelgenil.wordpress.com\/2012\/04\/13\/xxvii-monografica-del-perro-de-agua-espanol-2012\/\"><span style=\"color: #008000;\">2012 &#8211; XXVII Monogr\u00e1fica del Perro de agua Espa\u00f1ol<\/span><\/a><\/strong><\/span><\/p>\n<p><span style=\"color: #008000;\"><strong><a href=\"http:\/\/delariberadelgenil.wordpress.com\/2012\/03\/13\/crufts-2012\/\"><span style=\"color: #008000;\">2012 &#8211; CRUFTS <\/span><\/a><\/strong><\/span><\/p>\n<h1><strong>2011<\/strong><\/h1>\n<p><span style=\"color: #008000;\"><strong><a href=\"http:\/\/delariberadelgenil.wordpress.com\/2011\/11\/28\/exposicion-nacional-atarfe-2011\/\"><span style=\"color: #008000;\">2011 &#8211; Exposicion Nacional Atarfe<\/span><\/a><\/strong><\/span><\/p>\n<p><span style=\"color: #008000;\"><strong><a href=\"http:\/\/delariberadelgenil.wordpress.com\/2011\/11\/23\/exposicion-internacional-jerez-2011\/\"><span style=\"color: #008000;\">2011 &#8211; Exposicion Internacional Jerez <\/span><\/a><\/strong><\/span><\/p>\n<p><span style=\"color: #008000;\"><strong><a href=\"http:\/\/delariberadelgenil.wordpress.com\/2011\/11\/05\/exposicion-nacional-y-internacional-velez-%E2%80%93-malaga-2011\/\"><span style=\"color: #008000;\">2011<\/span><\/a><a href=\"http:\/\/delariberadelgenil.wordpress.com\/2011\/11\/05\/exposicion-nacional-y-internacional-velez-%E2%80%93-malaga-2011\/\"><span style=\"color: #008000;\"> &#8211; Exposici\u00f3n Nacional y Internacional V\u00e9lez \u2013 M\u00e1laga <\/span><\/a><\/strong><\/span><\/p>\n<p><span style=\"color: #008000;\"><strong><a href=\"http:\/\/delariberadelgenil.wordpress.com\/2011\/04\/25\/monografica-pdae-2011-neda\/\" target=\"_blank\"><span style=\"color: #008000;\">2011 &#8211; Monografica PDAE 2011 Neda<\/span><\/a><\/strong><\/span><\/p>\n<p><span style=\"color: #008000;\"><strong> <a href=\"http:\/\/delariberadelgenil.wordpress.com\/2011\/05\/11\/i-monografica-b-archidona-2011\/\" target=\"_blank\"><span style=\"color: #008000;\">2011 &#8211; I Monografica B Archidona 2011<\/span><\/a><\/strong><\/span><br \/>\n<span style=\"color: #008000;\"><strong> <a href=\"http:\/\/delariberadelgenil.wordpress.com\/2011\/03\/14\/crufts-2011-paco-bob-mejor-de-raza\/\" target=\"_blank\"><span style=\"color: #008000;\">2011 &#8211; EXP. CRUFTS 2011 \u201cPACO\u201d BOB Mejor de Raza<\/span><\/a><\/strong><\/span><br \/>\n<span style=\"color: #008000;\"><strong> <a href=\"http:\/\/delariberadelgenil.wordpress.com\/2011\/03\/14\/crufts-2011-paco-bob-mejor-de-raza\/\" target=\"_blank\"><span style=\"color: #008000;\">2011 &#8211; EXP. CRUFTS 2011 \u201cPACO\u201d BOB Mejor de Raza<\/span><\/a><\/strong><\/span><br \/>\n<span style=\"color: #008000;\"><strong> <a href=\"http:\/\/delariberadelgenil.wordpress.com\/2011\/07\/06\/curioso-de-la-ribera-del-genil-paco-vuelve-a-ganar-en-inglaterra\/\" target=\"_blank\"><span style=\"color: #008000;\">2011 &#8211; Curioso de la ribera del Genil \u201cPACO\u201d vuelve a ganar en Inglaterra<\/span><\/a><\/strong><\/span><br \/>\n<span style=\"color: #008000;\"><strong> <a href=\"http:\/\/delariberadelgenil.wordpress.com\/2011\/07\/18\/chpaco-hace-tripleteen-suiza\/\" target=\"_blank\"><span style=\"color: #008000;\">2011 &#8211; CH \u201dPACO\u201d hace \u201ctriplete\u201den Suiza.<\/span><\/a><\/strong><\/span><\/p>\n<h1><strong>2010<\/strong><\/h1>\n<p><span style=\"color: #008000;\"><strong><a href=\"http:\/\/delariberadelgenil.wordpress.com\/2010\/11\/08\/xx-campeonato-de-andalucia-de-belleza-2010\/\" target=\"_blank\"><span style=\"color: #008000;\">2010 &#8211; XX Campeonato de Andaluc\u00eda de Belleza<br \/>\n<\/span><\/a><a href=\"http:\/\/delariberadelgenil.wordpress.com\/2010\/11\/08\/exposicion-nacional-e-internacional-canina-de-velez-malaga-2010\/\" target=\"_blank\"><span style=\"color: #008000;\">2010 &#8211; Expos. Nacional e Inter. Canina de V\u00c9LEZ-M\u00c1LAGA 2010<br \/>\n<\/span><\/a><\/strong><\/span><a href=\"http:\/\/delariberadelgenil.wordpress.com\/2010\/02\/26\/exposicion-internacional-granada-2010\/\" target=\"_blank\"><span style=\"color: #008000;\"><strong>2010 &#8211; EXPOSICI\u00d3N <\/strong><\/span><small style=\"font-size: 15px; line-height: 28.5px;\"><span style=\"color: #008000;\"><strong>INTERNACIONAL GRANADA (ver blog)<\/strong><\/span><br \/>\n<\/small><\/a><\/p>\n<p><span style=\"color: #008000;\"><strong><a href=\"http:\/\/delariberadelgenil.wordpress.com\/2010\/04\/06\/xxv-monografica-de-perro-de-agua-espanol\/\" target=\"_blank\"><span style=\"color: #008000;\">2010 &#8211; XXV MONOGRAFICA DEL PERRO DE AGUA ESPA\u00d1OL<\/span><\/a><\/strong><\/span><\/p>\n<p><span style=\"color: #008000;\"><strong><a href=\"http:\/\/www.delariberadelgenil.com\/index.php?go=pedigree#\"><span style=\"color: #008000;\">2010 &#8211; EXPOSICION INTERNACIONAL Alcal\u00e1 de Guadaira 2010 (Sevilla)<\/span><\/a><\/strong><\/span><br \/>\n<a href=\"http:\/\/delariberadelgenil.wordpress.com\/2010\/09\/09\/x-campeonato-internacional-de-trabajo-del-perro-de-agua-espanol-arcos-agosto-2010\/\" target=\"_blank\"><br \/>\n<\/a><span style=\"color: #008000;\"><strong><a href=\"http:\/\/www.delariberadelgenil.com\/index.php?go=pedigree#\"><span style=\"color: #008000;\">2010 &#8211; EXPOSICI\u00d3N NACIONAL DE ARCHIDONA 2010<\/span><\/a><\/strong><\/span><\/p>\n<h1><strong>2009<\/strong><\/h1>\n<p><span style=\"color: #008000;\"><strong><a href=\"http:\/\/www.delariberadelgenil.com\/index.php?go=camand2009\"><span style=\"color: #008000;\">2009 &#8211; Campe\u00f3n de Andaluc\u00eda<\/span><\/a><\/strong><\/span><br \/>\n<span style=\"color: #008000;\"><strong> <a href=\"http:\/\/www.delariberadelgenil.com\/index.php?go=atarfe\"><span style=\"color: #008000;\">2009 &#8211; Atarfe<\/span><\/a><\/strong><\/span><br \/>\n<span style=\"color: #008000;\"><strong> <a href=\"http:\/\/www.delariberadelgenil.com\/index.php?go=velez2009\"><span style=\"color: #008000;\">2009 &#8211; Exposici\u00f3n de V\u00e9lez M\u00e1laga 2009<\/span><\/a><\/strong><\/span><br \/>\n<span style=\"color: #008000;\"><strong> <a href=\"http:\/\/www.delariberadelgenil.com\/index.php?go=monografica_habdala\"><span style=\"color: #008000;\">2009 &#8211; Habdala XXIV Monografica<\/span><\/a><\/strong><\/span><br \/>\n<span style=\"color: #008000;\"><strong> <a href=\"http:\/\/www.delariberadelgenil.com\/index.php?go=monografica_curioso\"><span style=\"color: #008000;\">2009 &#8211; CH Curioso XXIV Monografica<\/span><\/a><\/strong><\/span><br \/>\n<span style=\"color: #008000;\"><strong> <a href=\"http:\/\/www.delariberadelgenil.com\/index.php?go=expoalcala\"><span style=\"color: #008000;\">2009 &#8211; Exposici\u00f3n Alcal\u00e1<\/span><\/a><\/strong><\/span><br \/>\n<span style=\"color: #008000;\"><strong> <a href=\"http:\/\/www.delariberadelgenil.com\/index.php?go=expogranada\"><span style=\"color: #008000;\">2009 &#8211; Exposici\u00f3n Granada<\/span><\/a><\/strong><\/span><\/p>\n<h1><strong>2008<\/strong><\/h1>\n<p><span style=\"color: #008000;\"><strong><a href=\"http:\/\/www.delariberadelgenil.com\/index.php?go=velez\"><span style=\"color: #008000;\">2008 &#8211; Exposici\u00f3n internacional Velez-M\u00e1laga (CAC CACIB)<\/span><\/a><\/strong><\/span><\/p>\n","protected":false},"excerpt":{"rendered":"<p>Picar para ver videos: 2014 Exposici\u00f3n Internacional Granada 2014 Exposici\u00f3n Nacional Granada 2014 2013 Exposici\u00f3n Talavera (Punto obligatorio) 2013 Exposici\u00f3n Internacional Jerez 2013 Exposici\u00f3n Nacional Jerez 2013 Exposici\u00f3n Nacional M\u00e1laga 2013 Exposici\u00f3n Internacional M\u00e1laga 2013 Exposici\u00f3n Nacional Archidona Exposici\u00f3n CRUFTS &hellip; <a href=\"https:\/\/www.delariberadelgenil.com\/?page_id=410\" class=\"more-link\">Continuar leyendo<\/a><\/p>\n","protected":false},"author":1,"featured_media":0,"parent":591,"menu_order":3,"comment_status":"closed","ping_status":"closed","template":"","meta":{"jetpack_post_was_ever_published":false,"footnotes":""},"class_list":["post-410","page","type-page","status-publish","hentry"],"jetpack_sharing_enabled":true,"jetpack_shortlink":"https:\/\/wp.me\/P2qQLF-6C","_links":{"self":[{"href":"https:\/\/www.delariberadelgenil.com\/index.php?rest_route=\/wp\/v2\/pages\/410","targetHints":{"allow":["GET"]}}],"collection":[{"href":"https:\/\/www.delariberadelgenil.com\/index.php?rest_route=\/wp\/v2\/pages"}],"about":[{"href":"https:\/\/www.delariberadelgenil.com\/index.php?rest_route=\/wp\/v2\/types\/page"}],"author":[{"embeddable":true,"href":"https:\/\/www.delariberadelgenil.com\/index.php?rest_route=\/wp\/v2\/users\/1"}],"replies":[{"embeddable":true,"href":"https:\/\/www.delariberadelgenil.com\/index.php?rest_route=%2Fwp%2Fv2%2Fcomments&post=410"}],"version-history":[{"count":28,"href":"https:\/\/www.delariberadelgenil.com\/index.php?rest_route=\/wp\/v2\/pages\/410\/revisions"}],"predecessor-version":[{"id":9360,"href":"https:\/\/www.delariberadelgenil.com\/index.php?rest_route=\/wp\/v2\/pages\/410\/revisions\/9360"}],"up":[{"embeddable":true,"href":"https:\/\/www.delariberadelgenil.com\/index.php?rest_route=\/wp\/v2\/pages\/591"}],"wp:attachment":[{"href":"https:\/\/www.delariberadelgenil.com\/index.php?rest_route=%2Fwp%2Fv2%2Fmedia&parent=410"}],"curies":[{"name":"wp","href":"https:\/\/api.w.org\/{rel}","templated":true}]}}